{"id":5460,"date":"2025-06-27T09:38:24","date_gmt":"2025-06-27T09:38:24","guid":{"rendered":"https:\/\/ghizimontani.org\/?post_type=tribe_events&#038;p=5460"},"modified":"2025-06-27T09:38:24","modified_gmt":"2025-06-27T09:38:24","slug":"explorarea-marocului-marrakesh-jebel-toubkal-si-essaouira","status":"publish","type":"tribe_events","link":"https:\/\/ghizimontani.org\/en\/eveniment\/explorarea-marocului-marrakesh-jebel-toubkal-si-essaouira\/","title":{"rendered":"Explorarea Marocului &#8211; Marrakesh, Jebel Toubkal \u0219i Essaouira"},"content":{"rendered":"<p>Pentru ascensiunea pe vf. Toubkal (4167m), vom zbura spre Maroc, perla Nordului Africii \u0219i, cu siguran\u021b\u0103, una dintre cele mai bune destina\u021bii pe care le-am putea alege. Aceast\u0103 c\u0103l\u0103torie este g\u00e2ndit\u0103 pentru a v\u0103 oferi posibilitatea s\u0103 explora\u021bi c\u00e2teva dintre cele mai populare (\u0219i frumoase) atrac\u021bii ale Marocului. Am \u00eencercat s\u0103 combin c\u00e2t mai pl\u0103cut zilele de drume\u021bie montan\u0103, la altitudini mari \u0219i foarte mari, cu experien\u021be culturale \u0219i imersiuni \u00een istoria acestei \u021b\u0103ri minunate care este Marocul.<\/p>","protected":false},"excerpt":{"rendered":"<p>Pentru ascensiunea pe vf. Toubkal (4167m), vom zbura spre Maroc, perla Nordului Africii \u0219i, cu siguran\u021b\u0103, una dintre cele mai bune destina\u021bii pe care le-am putea alege. Aceast\u0103 c\u0103l\u0103torie este g\u00e2ndit\u0103 pentru a v\u0103 oferi posibilitatea s\u0103 explora\u021bi c\u00e2teva dintre cele mai populare (\u0219i frumoase) atrac\u021bii ale Marocului. Am \u00eencercat [&hellip;]<\/p>","protected":false},"author":33,"featured_media":5461,"template":"","meta":{"_tribe_events_status":"","_tribe_events_status_reason":"","footnotes":""},"tags":[89,408],"tribe_events_cat":[396],"class_list":["post-5460","tribe_events","type-tribe_events","status-publish","has-post-thumbnail","hentry","tag-international","tag-romanian-mountain-leader","tribe_events_cat-drumetie","cat_drumetie"],"yoast_head":"<!-- This site is optimized with the Yoast SEO plugin v26.6 - https:\/\/yoast.com\/wordpress\/plugins\/seo\/ -->\n<title>Explorarea Marocului - Marrakesh, Jebel Toubkal \u0219i Essaouira - Societatea Ghizilor \u0219i Liderilor Montani | UIMLA<\/title>\n<meta name=\"robots\" content=\"index, follow, max-snippet:-1, max-image-preview:large, max-video-preview:-1\" \/>\n<link rel=\"canonical\" href=\"https:\/\/ghizimontani.org\/en\/eveniment\/explorarea-marocului-marrakesh-jebel-toubkal-si-essaouira\/\" \/>\n<meta property=\"og:locale\" content=\"en_GB\" \/>\n<meta property=\"og:type\" content=\"article\" \/>\n<meta property=\"og:title\" content=\"Explorarea Marocului - Marrakesh, Jebel Toubkal \u0219i Essaouira - Societatea Ghizilor \u0219i Liderilor Montani | UIMLA\" \/>\n<meta property=\"og:description\" content=\"Pentru ascensiunea pe vf. Toubkal (4167m), vom zbura spre Maroc, perla Nordului Africii \u0219i, cu siguran\u021b\u0103, una dintre cele mai bune destina\u021bii pe care le-am putea alege. Aceast\u0103 c\u0103l\u0103torie este g\u00e2ndit\u0103 pentru a v\u0103 oferi posibilitatea s\u0103 explora\u021bi c\u00e2teva dintre cele mai populare (\u0219i frumoase) atrac\u021bii ale Marocului. Am \u00eencercat [&hellip;]\" \/>\n<meta property=\"og:url\" content=\"https:\/\/ghizimontani.org\/en\/eveniment\/explorarea-marocului-marrakesh-jebel-toubkal-si-essaouira\/\" \/>\n<meta property=\"og:site_name\" content=\"Societatea Ghizilor \u0219i Liderilor Montani | UIMLA\" \/>\n<meta property=\"article:publisher\" content=\"https:\/\/www.facebook.com\/Societatea-Ghizilor-i-Liderilor-Montani-225472330976954\" \/>\n<meta property=\"og:image\" content=\"https:\/\/ghizimontani.org\/wp-content\/uploads\/2025\/06\/Atlas.webp\" \/>\n\t<meta property=\"og:image:width\" content=\"1920\" \/>\n\t<meta property=\"og:image:height\" content=\"1280\" \/>\n\t<meta property=\"og:image:type\" content=\"image\/webp\" \/>\n<meta name=\"twitter:card\" content=\"summary_large_image\" \/>\n<meta name=\"twitter:label1\" content=\"Estimated reading time\" \/>\n\t<meta name=\"twitter:data1\" content=\"1 minute\" \/>\n<script type=\"application\/ld+json\" class=\"yoast-schema-graph\">{\"@context\":\"https:\/\/schema.org\",\"@graph\":[{\"@type\":\"WebPage\",\"@id\":\"https:\/\/ghizimontani.org\/eveniment\/explorarea-marocului-marrakesh-jebel-toubkal-si-essaouira\/\",\"url\":\"https:\/\/ghizimontani.org\/eveniment\/explorarea-marocului-marrakesh-jebel-toubkal-si-essaouira\/\",\"name\":\"Explorarea Marocului - Marrakesh, Jebel Toubkal \u0219i Essaouira - Societatea Ghizilor \u0219i Liderilor Montani | UIMLA\",\"isPartOf\":{\"@id\":\"https:\/\/ghizimontani.org\/#website\"},\"primaryImageOfPage\":{\"@id\":\"https:\/\/ghizimontani.org\/eveniment\/explorarea-marocului-marrakesh-jebel-toubkal-si-essaouira\/#primaryimage\"},\"image\":{\"@id\":\"https:\/\/ghizimontani.org\/eveniment\/explorarea-marocului-marrakesh-jebel-toubkal-si-essaouira\/#primaryimage\"},\"thumbnailUrl\":\"https:\/\/ghizimontani.org\/wp-content\/uploads\/2025\/06\/Atlas.webp\",\"datePublished\":\"2025-06-27T09:38:24+00:00\",\"breadcrumb\":{\"@id\":\"https:\/\/ghizimontani.org\/eveniment\/explorarea-marocului-marrakesh-jebel-toubkal-si-essaouira\/#breadcrumb\"},\"inLanguage\":\"en-GB\",\"potentialAction\":[{\"@type\":\"ReadAction\",\"target\":[\"https:\/\/ghizimontani.org\/eveniment\/explorarea-marocului-marrakesh-jebel-toubkal-si-essaouira\/\"]}]},{\"@type\":\"ImageObject\",\"inLanguage\":\"en-GB\",\"@id\":\"https:\/\/ghizimontani.org\/eveniment\/explorarea-marocului-marrakesh-jebel-toubkal-si-essaouira\/#primaryimage\",\"url\":\"https:\/\/ghizimontani.org\/wp-content\/uploads\/2025\/06\/Atlas.webp\",\"contentUrl\":\"https:\/\/ghizimontani.org\/wp-content\/uploads\/2025\/06\/Atlas.webp\",\"width\":1920,\"height\":1280},{\"@type\":\"BreadcrumbList\",\"@id\":\"https:\/\/ghizimontani.org\/eveniment\/explorarea-marocului-marrakesh-jebel-toubkal-si-essaouira\/#breadcrumb\",\"itemListElement\":[{\"@type\":\"ListItem\",\"position\":1,\"name\":\"Home\",\"item\":\"https:\/\/ghizimontani.org\/\"},{\"@type\":\"ListItem\",\"position\":2,\"name\":\"Events\",\"item\":\"https:\/\/ghizimontani.org\/ture\/\"},{\"@type\":\"ListItem\",\"position\":3,\"name\":\"Explorarea Marocului &#8211; Marrakesh, Jebel Toubkal \u0219i Essaouira\"}]},{\"@type\":\"WebSite\",\"@id\":\"https:\/\/ghizimontani.org\/#website\",\"url\":\"https:\/\/ghizimontani.org\/\",\"name\":\"Societatea Ghizilor \u0219i Liderilor Montani | UIMLA\",\"description\":\"Societatea Ghizilor \u0219i Liderilor Montani\",\"publisher\":{\"@id\":\"https:\/\/ghizimontani.org\/#organization\"},\"potentialAction\":[{\"@type\":\"SearchAction\",\"target\":{\"@type\":\"EntryPoint\",\"urlTemplate\":\"https:\/\/ghizimontani.org\/?s={search_term_string}\"},\"query-input\":{\"@type\":\"PropertyValueSpecification\",\"valueRequired\":true,\"valueName\":\"search_term_string\"}}],\"inLanguage\":\"en-GB\"},{\"@type\":\"Organization\",\"@id\":\"https:\/\/ghizimontani.org\/#organization\",\"name\":\"Societatea Ghizilor \u0219i Liderilor Montani\",\"url\":\"https:\/\/ghizimontani.org\/\",\"logo\":{\"@type\":\"ImageObject\",\"inLanguage\":\"en-GB\",\"@id\":\"https:\/\/ghizimontani.org\/#\/schema\/logo\/image\/\",\"url\":\"https:\/\/ghizimontani.org\/wp-content\/uploads\/2022\/06\/SGLM_transparent.png\",\"contentUrl\":\"https:\/\/ghizimontani.org\/wp-content\/uploads\/2022\/06\/SGLM_transparent.png\",\"width\":977,\"height\":766,\"caption\":\"Societatea Ghizilor \u0219i Liderilor Montani\"},\"image\":{\"@id\":\"https:\/\/ghizimontani.org\/#\/schema\/logo\/image\/\"},\"sameAs\":[\"https:\/\/www.facebook.com\/Societatea-Ghizilor-i-Liderilor-Montani-225472330976954\"]}]}<\/script>\n<!-- \/ Yoast SEO plugin. -->","yoast_head_json":{"title":"Explorarea Marocului - Marrakesh, Jebel Toubkal \u0219i Essaouira - Societatea Ghizilor \u0219i Liderilor Montani | UIMLA","robots":{"index":"index","follow":"follow","max-snippet":"max-snippet:-1","max-image-preview":"max-image-preview:large","max-video-preview":"max-video-preview:-1"},"canonical":"https:\/\/ghizimontani.org\/en\/eveniment\/explorarea-marocului-marrakesh-jebel-toubkal-si-essaouira\/","og_locale":"en_GB","og_type":"article","og_title":"Explorarea Marocului - Marrakesh, Jebel Toubkal \u0219i Essaouira - Societatea Ghizilor \u0219i Liderilor Montani | UIMLA","og_description":"Pentru ascensiunea pe vf. Toubkal (4167m), vom zbura spre Maroc, perla Nordului Africii \u0219i, cu siguran\u021b\u0103, una dintre cele mai bune destina\u021bii pe care le-am putea alege. Aceast\u0103 c\u0103l\u0103torie este g\u00e2ndit\u0103 pentru a v\u0103 oferi posibilitatea s\u0103 explora\u021bi c\u00e2teva dintre cele mai populare (\u0219i frumoase) atrac\u021bii ale Marocului. Am \u00eencercat [&hellip;]","og_url":"https:\/\/ghizimontani.org\/en\/eveniment\/explorarea-marocului-marrakesh-jebel-toubkal-si-essaouira\/","og_site_name":"Societatea Ghizilor \u0219i Liderilor Montani | UIMLA","article_publisher":"https:\/\/www.facebook.com\/Societatea-Ghizilor-i-Liderilor-Montani-225472330976954","og_image":[{"width":1920,"height":1280,"url":"https:\/\/ghizimontani.org\/wp-content\/uploads\/2025\/06\/Atlas.webp","type":"image\/webp"}],"twitter_card":"summary_large_image","twitter_misc":{"Estimated reading time":"1 minute"},"schema":{"@context":"https:\/\/schema.org","@graph":[{"@type":"WebPage","@id":"https:\/\/ghizimontani.org\/eveniment\/explorarea-marocului-marrakesh-jebel-toubkal-si-essaouira\/","url":"https:\/\/ghizimontani.org\/eveniment\/explorarea-marocului-marrakesh-jebel-toubkal-si-essaouira\/","name":"Explorarea Marocului - Marrakesh, Jebel Toubkal \u0219i Essaouira - Societatea Ghizilor \u0219i Liderilor Montani | UIMLA","isPartOf":{"@id":"https:\/\/ghizimontani.org\/#website"},"primaryImageOfPage":{"@id":"https:\/\/ghizimontani.org\/eveniment\/explorarea-marocului-marrakesh-jebel-toubkal-si-essaouira\/#primaryimage"},"image":{"@id":"https:\/\/ghizimontani.org\/eveniment\/explorarea-marocului-marrakesh-jebel-toubkal-si-essaouira\/#primaryimage"},"thumbnailUrl":"https:\/\/ghizimontani.org\/wp-content\/uploads\/2025\/06\/Atlas.webp","datePublished":"2025-06-27T09:38:24+00:00","breadcrumb":{"@id":"https:\/\/ghizimontani.org\/eveniment\/explorarea-marocului-marrakesh-jebel-toubkal-si-essaouira\/#breadcrumb"},"inLanguage":"en-GB","potentialAction":[{"@type":"ReadAction","target":["https:\/\/ghizimontani.org\/eveniment\/explorarea-marocului-marrakesh-jebel-toubkal-si-essaouira\/"]}]},{"@type":"ImageObject","inLanguage":"en-GB","@id":"https:\/\/ghizimontani.org\/eveniment\/explorarea-marocului-marrakesh-jebel-toubkal-si-essaouira\/#primaryimage","url":"https:\/\/ghizimontani.org\/wp-content\/uploads\/2025\/06\/Atlas.webp","contentUrl":"https:\/\/ghizimontani.org\/wp-content\/uploads\/2025\/06\/Atlas.webp","width":1920,"height":1280},{"@type":"BreadcrumbList","@id":"https:\/\/ghizimontani.org\/eveniment\/explorarea-marocului-marrakesh-jebel-toubkal-si-essaouira\/#breadcrumb","itemListElement":[{"@type":"ListItem","position":1,"name":"Home","item":"https:\/\/ghizimontani.org\/"},{"@type":"ListItem","position":2,"name":"Events","item":"https:\/\/ghizimontani.org\/ture\/"},{"@type":"ListItem","position":3,"name":"Explorarea Marocului &#8211; Marrakesh, Jebel Toubkal \u0219i Essaouira"}]},{"@type":"WebSite","@id":"https:\/\/ghizimontani.org\/#website","url":"https:\/\/ghizimontani.org\/","name":"The Society of Mountain Guides and Leaders | UIMLA","description":"The Society of Mountain Guides and Leaders (SGLM)","publisher":{"@id":"https:\/\/ghizimontani.org\/#organization"},"potentialAction":[{"@type":"SearchAction","target":{"@type":"EntryPoint","urlTemplate":"https:\/\/ghizimontani.org\/?s={search_term_string}"},"query-input":{"@type":"PropertyValueSpecification","valueRequired":true,"valueName":"search_term_string"}}],"inLanguage":"en-GB"},{"@type":"Organization","@id":"https:\/\/ghizimontani.org\/#organization","name":"The Society of Mountain Guides and Leaders (SGLM)","url":"https:\/\/ghizimontani.org\/","logo":{"@type":"ImageObject","inLanguage":"en-GB","@id":"https:\/\/ghizimontani.org\/#\/schema\/logo\/image\/","url":"https:\/\/ghizimontani.org\/wp-content\/uploads\/2022\/06\/SGLM_transparent.png","contentUrl":"https:\/\/ghizimontani.org\/wp-content\/uploads\/2022\/06\/SGLM_transparent.png","width":977,"height":766,"caption":"Societatea Ghizilor \u0219i Liderilor Montani"},"image":{"@id":"https:\/\/ghizimontani.org\/#\/schema\/logo\/image\/"},"sameAs":["https:\/\/www.facebook.com\/Societatea-Ghizilor-i-Liderilor-Montani-225472330976954"]}]}},"_links":{"self":[{"href":"https:\/\/ghizimontani.org\/en\/wp-json\/wp\/v2\/tribe_events\/5460","targetHints":{"allow":["GET"]}}],"collection":[{"href":"https:\/\/ghizimontani.org\/en\/wp-json\/wp\/v2\/tribe_events"}],"about":[{"href":"https:\/\/ghizimontani.org\/en\/wp-json\/wp\/v2\/types\/tribe_events"}],"author":[{"embeddable":true,"href":"https:\/\/ghizimontani.org\/en\/wp-json\/wp\/v2\/users\/33"}],"version-history":[{"count":1,"href":"https:\/\/ghizimontani.org\/en\/wp-json\/wp\/v2\/tribe_events\/5460\/revisions"}],"predecessor-version":[{"id":5462,"href":"https:\/\/ghizimontani.org\/en\/wp-json\/wp\/v2\/tribe_events\/5460\/revisions\/5462"}],"wp:featuredmedia":[{"embeddable":true,"href":"https:\/\/ghizimontani.org\/en\/wp-json\/wp\/v2\/media\/5461"}],"wp:attachment":[{"href":"https:\/\/ghizimontani.org\/en\/wp-json\/wp\/v2\/media?parent=5460"}],"wp:term":[{"taxonomy":"post_tag","embeddable":true,"href":"https:\/\/ghizimontani.org\/en\/wp-json\/wp\/v2\/tags?post=5460"},{"taxonomy":"tribe_events_cat","embeddable":true,"href":"https:\/\/ghizimontani.org\/en\/wp-json\/wp\/v2\/tribe_events_cat?post=5460"}],"curies":[{"name":"wp","href":"https:\/\/api.w.org\/{rel}","templated":true}]}}